{"id":87602,"date":"2023-07-04T18:18:47","date_gmt":"2023-07-04T18:18:47","guid":{"rendered":"http:\/\/socolo.es\/?page_id=87602"},"modified":"2023-07-20T14:21:57","modified_gmt":"2023-07-20T14:21:57","slug":"politica-de-privacidad","status":"publish","type":"page","link":"https:\/\/socolo.es\/?page_id=87602","title":{"rendered":"Pol\u00edtica de privacidad"},"content":{"rendered":"\t\t<div data-elementor-type=\"wp-page\" data-elementor-id=\"87602\" class=\"elementor elementor-87602\" data-elementor-post-type=\"page\">\n\t\t\t\t\t\t<section class=\"elementor-section elementor-top-section elementor-element elementor-element-642b4e71 elementor-section-boxed elementor-section-height-default elementor-section-height-default\" data-id=\"642b4e71\" data-element_type=\"section\">\n\t\t\t\t\t\t<div class=\"elementor-container elementor-column-gap-default\">\n\t\t\t\t\t<div class=\"elementor-column elementor-col-100 elementor-top-column elementor-element elementor-element-77cc5896\" data-id=\"77cc5896\" data-element_type=\"column\">\n\t\t\t<div class=\"elementor-widget-wrap elementor-element-populated\">\n\t\t\t\t\t\t<div class=\"elementor-element elementor-element-2dffb34b elementor-widget elementor-widget-text-editor\" data-id=\"2dffb34b\" data-element_type=\"widget\" data-widget_type=\"text-editor.default\">\n\t\t\t\t<div class=\"elementor-widget-container\">\n\t\t\t\t\t\t\t<p><!-- wp:paragraph --><\/p>\n<p><span style=\"color: var(--the7-base-color); letter-spacing: var(--the7-base-letter-spacing); text-transform: var(--the7-base-text-transform); word-spacing: normal; text-decoration: var(--the7-base-text-decoration);\">SOCOLO TRUCKS, S.L. informa seguidamente de su pol\u00edtica de privacidad aplicada a los datos personales. El uso de esta p\u00e1gina web&nbsp;<\/span><span style=\"color: var(--the7-base-color); letter-spacing: var(--the7-base-letter-spacing); text-transform: var(--the7-base-text-transform); word-spacing: normal; text-decoration: var(--the7-base-text-decoration);\">no implica que el usuario deba suministrar informaci\u00f3n alguna respecto a su identidad, no pudiendo ser asociada a un usuario concreto por la empresa. En el supuesto que se suministre datos de car\u00e1cter de personal, estos datos ser\u00e1n recogidos y utilizados conforme a las limitaciones y los derechos recogidos en la citada norma.<\/span><\/p>\n<p><!-- \/wp:paragraph --><\/p>\n<p><!-- wp:paragraph --><\/p>\n<p>\u00bfQUI\u00c9N ES EL RESPONSABLE DEL TRATAMIENTO DE SUS DATOS?<\/p>\n<p><!-- \/wp:paragraph --><\/p>\n<p><!-- wp:paragraph --><\/p>\n<p>RESPONSABLE DEL TRATAMIENTO de sus datos es: SOCOLO TRUCKS, S.L.<\/p>\n<p><!-- \/wp:paragraph --><\/p>\n<p><!-- wp:paragraph --><\/p>\n<p>Denominaci\u00f3n social: Socolo Trucks S.L.<\/p>\n<p><\/p>\n<p>Domicilio Social: Passeig Fluvial 26, 08150 Parets del Vall\u00e8s<\/p>\n<p><\/p>\n<p>Correo Electr\u00f3nico: socolo@socolo.es<\/p>\n<p><\/p>\n<p>Tel\u00e9fono de contacto: 935739751<\/p>\n<p><\/p>\n<p>C\u00f3digo de Identificaci\u00f3n Fiscal (CIF): B64356579<\/p>\n<p><\/p>\n<p>Datos Registrales: Inscrita en el Registro Mercantil de Barcelona<\/p>\n<p><!-- \/wp:paragraph --><\/p>\n<p><!-- wp:paragraph --><\/p>\n<p>\u00bfQU\u00c9 TIPO DE DATOS TRATAMOS?<\/p>\n<p><!-- \/wp:paragraph --><\/p>\n<p><!-- wp:paragraph --><\/p>\n<p>Dependiendo de los productos, servicios o funcionalidades de los que quiera disfrutar en cada momento necesitaremos tratar unos datos u otros. En general dichos datos, ser\u00e1n, seg\u00fan el caso, los siguientes:<\/p>\n<p><!-- \/wp:paragraph --><\/p>\n<p><!-- wp:paragraph --><\/p>\n<p>Sus datos identificativos (Por ejemplo: Su nombre, apellido, idioma, pa\u00eds desde el que interact\u00fae con nosotros, datos de contacto, etc.)<\/p>\n<p><!-- \/wp:paragraph --><\/p>\n<p><!-- wp:paragraph --><\/p>\n<p>Datos de conexi\u00f3n, geolocalizaci\u00f3n y navegaci\u00f3n (en caso de que interact\u00fae con nosotros desde el m\u00f3vil, por ejemplo).<\/p>\n<p><!-- \/wp:paragraph --><\/p>\n<p><!-- wp:paragraph --><\/p>\n<p>Informaci\u00f3n comercial si estuviera suscrito a nuestra newsletter.<\/p>\n<p><!-- \/wp:paragraph --><\/p>\n<p><!-- wp:paragraph --><\/p>\n<p>Datos sobre sus gustos y preferencias.<\/p>\n<p><!-- \/wp:paragraph --><\/p>\n<p><!-- wp:paragraph --><\/p>\n<p>Formaci\u00f3n y experiencia profesional, en su caso.<\/p>\n<p><!-- \/wp:paragraph --><\/p>\n<p><!-- wp:paragraph --><\/p>\n<p>Recuerde que, cuando le pidamos que rellene sus datos personales para darle acceso a alguna funcionalidad o servicio de la web, marcaremos algunos campos como obligatorios, puesto que son datos que necesitamos para poder prestarle el servicio o darle acceso a la funcionalidad en cuesti\u00f3n.<\/p>\n<p><!-- \/wp:paragraph --><\/p>\n<p><!-- wp:paragraph --><\/p>\n<p>Por favor, tenga en cuenta que, si decide no facilitarnos esos datos, es posible que no pueda completar su registro como usuario o que no pueda disfrutar de esos servicios o funcionalidades.<\/p>\n<p><!-- \/wp:paragraph --><\/p>\n<p><!-- wp:paragraph --><\/p>\n<p>\u00bfCON QU\u00c9 FINALIDAD TRATAMOS SUS DATOS PERSONALES?<\/p>\n<p><!-- \/wp:paragraph --><\/p>\n<p><!-- wp:paragraph --><\/p>\n<p>Dependiendo de c\u00f3mo interact\u00fae con nuestra web, trataremos sus datos personales para las siguientes finalidades:<\/p>\n<p><!-- \/wp:paragraph --><\/p>\n<p><!-- wp:paragraph --><\/p>\n<p>1. Para la gesti\u00f3n de nuestros servicios a clientes.<\/p>\n<p><!-- \/wp:paragraph --><\/p>\n<p><!-- wp:paragraph --><\/p>\n<p>Tratamos sus datos personales para la ejecuci\u00f3n del contrato de prestaci\u00f3n de los servicios, as\u00ed como para la gesti\u00f3n administrativa, fiscal y contable que requiera. En este sentido, le informamos que sus datos podr\u00e1n ser compartidos con terceros cuando sea requisito imprescindible para prestar el servicio o cuando se efect\u00fae por obligaci\u00f3n legal.<\/p>\n<p><!-- \/wp:paragraph --><\/p>\n<p><!-- wp:paragraph --><\/p>\n<p>2. Para atender las solicitudes o peticiones que realice a trav\u00e9s de los distintos medios incorporados a nuestra web.<\/p>\n<p><!-- \/wp:paragraph --><\/p>\n<p><!-- wp:paragraph --><\/p>\n<p>S\u00f3lo tratamos los datos personales que sean estrictamente necesarios para gestionar o resolver su solicitud o petici\u00f3n.<\/p>\n<p><!-- \/wp:paragraph --><\/p>\n<p><!-- wp:paragraph --><\/p>\n<p>3. Para fines de marketing.<\/p>\n<p><!-- \/wp:paragraph --><\/p>\n<p><!-- wp:paragraph --><\/p>\n<p>En la medida en que se autorice el env\u00edo de informaci\u00f3n comercial sobre ofertas y promociones, sus datos personales ser\u00e1n utilizados para la remisi\u00f3n peri\u00f3dica de boletines informativos de la empresa.<\/p>\n<p><!-- \/wp:paragraph --><\/p>\n<p><!-- wp:paragraph --><\/p>\n<p>Debe recordar que puede darse de baja en cualquier momento y sin coste, poni\u00e9ndose en contacto con nosotros a trav\u00e9s del correo electr\u00f3nico del responsable de tratamiento o siguiendo las indicaciones que le ofreceremos en cada una de nuestras comunicaciones.<\/p>\n<p><!-- \/wp:paragraph --><\/p>\n<p><!-- wp:paragraph --><\/p>\n<p>4. Para la gesti\u00f3n de redes sociales<\/p>\n<p><!-- \/wp:paragraph --><\/p>\n<p><!-- wp:paragraph --><\/p>\n<p>En el caso de que nos siga o nos contacte a trav\u00e9s de las diferentes redes sociales en las que estamos presentes, trataremos los datos que usted nos proporcione a trav\u00e9s de las mismas. con la \u00fanica finalidad de dar respuesta a sus mensajes o comentarios y la gesti\u00f3n de nuestra lista de contactos.<\/p>\n<p><!-- \/wp:paragraph --><\/p>\n<p><!-- wp:paragraph --><\/p>\n<p>5. Para selecci\u00f3n de personal<\/p>\n<p><!-- \/wp:paragraph --><\/p>\n<p><!-- wp:paragraph --><\/p>\n<p>Trataremos sus datos personales para incluir su curr\u00edculum vitae en nuestra bolsa de empleo y para estudiar su propuesta en caso de que se generen nuevos puestos de trabajo.<\/p>\n<p><!-- \/wp:paragraph --><\/p>\n<p><!-- wp:paragraph --><\/p>\n<p>6. An\u00e1lisis de usabilidad y de calidad para la mejora de nuestros servicios (Cookies)<\/p>\n<p><!-- \/wp:paragraph --><\/p>\n<p><!-- wp:paragraph --><\/p>\n<p>Si accede a nuestra web, le informamos de que trataremos sus datos de navegaci\u00f3n para fines anal\u00edticos y estad\u00edsticos, es decir, para entender la forma en la que los usuarios interact\u00faan con nuestra web y as\u00ed ser capaces de introducir mejoras en la misma. As\u00ed mismo, en ocasiones, realizamos acciones y encuestas de calidad destinadas a conocer el grado de satisfacci\u00f3n de nuestros clientes y usuarios y detectar aquellas \u00e1reas en las que podemos mejorar.<\/p>\n<p><!-- \/wp:paragraph --><\/p>\n<p><!-- wp:paragraph --><\/p>\n<p>\u00bfCU\u00c1L ES LA LEGITIMACI\u00d3N PARA EL TRATAMIENTO DE SUS DATOS?<\/p>\n<p><!-- \/wp:paragraph --><\/p>\n<p><!-- wp:paragraph --><\/p>\n<p>La base legal que nos permite tratar sus datos personales tambi\u00e9n depende de la finalidad para la que los tratemos, de este modo encontraremos distintas bases legales en virtud de las siguientes finalidades:<\/p>\n<p><!-- \/wp:paragraph --><\/p>\n<p><!-- wp:paragraph --><\/p>\n<p>1. Gesti\u00f3n de clientes.<\/p>\n<p><!-- \/wp:paragraph --><\/p>\n<p><!-- wp:paragraph --><\/p>\n<p>La base legal para la gesti\u00f3n de clientes es la ejecuci\u00f3n del contrato que nos vincula para prestar el servicio.<\/p>\n<p><!-- \/wp:paragraph --><\/p>\n<p><!-- wp:paragraph --><\/p>\n<p>2. Atenci\u00f3n solicitudes de informaci\u00f3n.<\/p>\n<p><!-- \/wp:paragraph --><\/p>\n<p><!-- wp:paragraph --><\/p>\n<p>La base legal para el tratamiento de sus datos es el consentimiento informado para dar respuesta a las consultas planteadas a trav\u00e9s de la p\u00e1gina web, lo que supone la aceptaci\u00f3n de estas condiciones por parte del interesado.<\/p>\n<p><!-- \/wp:paragraph --><\/p>\n<p><!-- wp:paragraph --><\/p>\n<p>3. Marketing.<\/p>\n<p><!-- \/wp:paragraph --><\/p>\n<p><!-- wp:paragraph --><\/p>\n<p>La base leg\u00edtima para tratar sus datos con finalidades de marketing es el consentimiento que usted presta.<\/p>\n<p><!-- \/wp:paragraph --><\/p>\n<p><!-- wp:paragraph --><\/p>\n<p>4. Redes sociales<\/p>\n<p><!-- \/wp:paragraph --><\/p>\n<p><!-- wp:paragraph --><\/p>\n<p>La base de legitimaci\u00f3n es el consentimiento informado para dar respuesta a las consultas planteadas a trav\u00e9s de la red social, as\u00ed como el momento en el que nos sigue y desea forma parte de nuestra lista de contactos.<\/p>\n<p><!-- \/wp:paragraph --><\/p>\n<p><!-- wp:paragraph --><\/p>\n<p>5. Selecci\u00f3n de personal.<\/p>\n<p><!-- \/wp:paragraph --><\/p>\n<p><!-- wp:paragraph --><\/p>\n<p>La base de legitimaci\u00f3n para tratar los datos de su curr\u00edculum vitae es el consentimiento informado para incorporarlo en nuestra bolsa de empleo y participar en los procesos de selecci\u00f3n.<\/p>\n<p><!-- \/wp:paragraph --><\/p>\n<p><!-- wp:paragraph --><\/p>\n<p>6. An\u00e1lisis de usabilidad y de calidad (Cookies)<\/p>\n<p><!-- \/wp:paragraph --><\/p>\n<p><!-- wp:paragraph --><\/p>\n<p>Consentimiento del usuario para la implantaci\u00f3n de cookies.<\/p>\n<p><!-- \/wp:paragraph --><\/p>\n<p><!-- wp:paragraph --><\/p>\n<p>\u00bfDURANTE CU\u00c1NTO TIEMPO CONSERVAREMOS SUS DATOS?<\/p>\n<p><!-- \/wp:paragraph --><\/p>\n<p><!-- wp:paragraph --><\/p>\n<p>1. Gesti\u00f3n de clientes.<\/p>\n<p><!-- \/wp:paragraph --><\/p>\n<p><!-- wp:paragraph --><\/p>\n<p>El tiempo que dure la relaci\u00f3n contractual y, posteriormente, los plazos legalmente establecidos para dar cumplimiento a las obligaciones legales que resulten de aplicaci\u00f3n.<\/p>\n<p><!-- \/wp:paragraph --><\/p>\n<p><!-- wp:paragraph --><\/p>\n<p>2. Solicitud de informaci\u00f3n.<\/p>\n<p><!-- \/wp:paragraph --><\/p>\n<p><!-- wp:paragraph --><\/p>\n<p>Trataremos sus datos durante el tiempo que sea necesario para atender su solicitud o petici\u00f3n y posteriormente un a\u00f1o.<\/p>\n<p><!-- \/wp:paragraph --><\/p>\n<p><!-- wp:paragraph --><\/p>\n<p>3. Marketing<\/p>\n<p><!-- \/wp:paragraph --><\/p>\n<p><!-- wp:paragraph --><\/p>\n<p>Trataremos sus datos hasta que solicite la baja o cancele su suscripci\u00f3n al bolet\u00edn.<\/p>\n<p><!-- \/wp:paragraph --><\/p>\n<p><!-- wp:paragraph --><\/p>\n<p>4. Redes sociales<\/p>\n<p><!-- \/wp:paragraph --><\/p>\n<p><!-- wp:paragraph --><\/p>\n<p>Trataremos sus datos durante el tiempo que sea necesario para atender su solicitud o petici\u00f3n y mientras sea seguidor de nuestro perfil.<\/p>\n<p><!-- \/wp:paragraph --><\/p>\n<p><!-- wp:paragraph --><\/p>\n<p>5. Selecci\u00f3n de personas<\/p>\n<p><!-- \/wp:paragraph --><\/p>\n<p><!-- wp:paragraph --><\/p>\n<p>Trataremos sus datos durante el tiempo que dure el proceso de selecci\u00f3n y, posteriormente, un a\u00f1o.<\/p>\n<p><!-- \/wp:paragraph --><\/p>\n<p><!-- wp:paragraph --><\/p>\n<p>6. An\u00e1lisis de usabilidad y de calidad (Cookies)<\/p>\n<p><!-- \/wp:paragraph --><\/p>\n<p><!-- wp:paragraph --><\/p>\n<p>Trataremos sus datos durante los plazos establecidos en nuestra Pol\u00edtica de cookies.<\/p>\n<p><!-- \/wp:paragraph --><\/p>\n<p><!-- wp:paragraph --><\/p>\n<p>\u00bfCOMPARTIREMOS SUS DATOS CON TERCEROS?<\/p>\n<p><!-- \/wp:paragraph --><\/p>\n<p><!-- wp:paragraph --><\/p>\n<p>Los datos personales no ser\u00e1n cedidos o comunicados a terceros, salvo: obligaci\u00f3n legal, obtengamos su consentimiento expreso o entendamos que existe un inter\u00e9s leg\u00edtimo por nuestra parte, que le ser\u00e1 debidamente comunicado.<\/p>\n<p><!-- \/wp:paragraph --><\/p>\n<p><!-- wp:paragraph --><\/p>\n<p>En este sentido, podremos compartir su informaci\u00f3n con las autoridades de terceros pa\u00edses, incluso fuera de territorio de la Uni\u00f3n Europea, siempre y cuando resulte necesario para la prestaci\u00f3n de los servicios contratados.<\/p>\n<p><!-- \/wp:paragraph --><\/p>\n<p><!-- wp:paragraph --><\/p>\n<p>Por otra parte, le informamos que estamos presentes en las siguientes redes sociales.: Facebook, LinkedIn y Twitter, para mantener a nuestros seguidores informados respecto de las novedades y servicios de la empresa.<\/p>\n<p><!-- \/wp:paragraph --><\/p>\n<p><!-- wp:paragraph --><\/p>\n<p>Usted puede acceder a estas redes sociales de manera voluntaria y a trav\u00e9s de los enlaces disponibles en la propia p\u00e1gina web o accediendo directamente y por su cuenta desde el navegador o app instalada.<\/p>\n<p><!-- \/wp:paragraph --><\/p>\n<p><!-- wp:paragraph --><\/p>\n<p>Debe saber, que este sitio web no se hace responsable del uso de los datos que estas redes sociales pueden realizar. Sin embargo, cuando estos datos se generen en la red social y deriven de una interacci\u00f3n con nuestra cuenta oficial, seremos corresponsables del tratamiento junto con la red social.<\/p>\n<p><!-- \/wp:paragraph --><\/p>\n<p><!-- wp:paragraph --><\/p>\n<p>Para poder consentir nuestra cesi\u00f3n desde este sitio web y el tratamiento que se realiza de sus datos, deber\u00e1 leer detenidamente la pol\u00edtica de privacidad de la red social a la que desee acceder:<\/p>\n<p><!-- \/wp:paragraph --><\/p>\n<p><!-- wp:paragraph --><\/p>\n<p>LinkedIn:&nbsp;<a href=\"https:\/\/es.linkedin.com\/legal\/privacy-policy\">https:\/\/es.linkedin.com\/legal\/privacy-policy<\/a><\/p>\n<p><!-- \/wp:paragraph --><\/p>\n<p><!-- wp:paragraph --><\/p>\n<p>De esta manera, antes de pinchar en los logos de las redes sociales presentes en nuestra p\u00e1gina web, puede informarse y realizar un redireccionamiento con previo conocimiento del tratamiento de sus datos y de manera voluntaria.<\/p>\n<p><!-- \/wp:paragraph --><\/p>\n<p><!-- wp:paragraph --><\/p>\n<p>\u00bfCU\u00c1LES SON SUS DERECHOS CUANDO NOS FACILITA SUS DATOS?<\/p>\n<p><!-- \/wp:paragraph --><\/p>\n<p><!-- wp:paragraph --><\/p>\n<p>Nos comprometemos a respetar la confidencialidad de sus datos personales y a garantizarle el ejercicio de sus derechos.<\/p>\n<p><!-- \/wp:paragraph --><\/p>\n<p><!-- wp:paragraph --><\/p>\n<p>Podr\u00e1 ejercitarlos sin coste alguno remiti\u00e9ndonos un correo electr\u00f3nico a nuestra direcci\u00f3n socolo@socolo.es simplemente indic\u00e1ndonos el motivo de su solicitud y el derecho que quiere ejercitar.<\/p>\n<p><!-- \/wp:paragraph --><\/p>\n<p><!-- wp:paragraph --><\/p>\n<p>En caso de que lo consideremos necesario para poder identificarle, podremos solicitarle copia de un documento acreditativo de su identidad. En particular, independientemente de la finalidad o la base legal en virtud de la que tratemos sus datos, usted tiene derecho a:<\/p>\n<p><!-- \/wp:paragraph --><\/p>\n<p><!-- wp:paragraph --><\/p>\n<p>Pedirnos acceso a los datos suyos de los que disponemos.<\/p>\n<p><!-- \/wp:paragraph --><\/p>\n<p><!-- wp:paragraph --><\/p>\n<p>Pedirnos que rectifiquemos los datos de los que ya disponemos. Tenga en cuenta que, al facilitarnos activamente sus datos personales por cualquier v\u00eda, garantiza que son ciertos y exactos y se comprometes a notificarnos cualquier cambio o modificaci\u00f3n de los mismos.<\/p>\n<p><!-- \/wp:paragraph --><\/p>\n<p><!-- wp:paragraph --><\/p>\n<p>Pedirnos que suprimamos sus datos en la medida en que ya no sean necesarios para la finalidad para los que necesitemos tratarlos seg\u00fan te hemos informado con anterioridad, o en que ya no contemos con legitimaci\u00f3n para hacerlo.<\/p>\n<p><!-- \/wp:paragraph --><\/p>\n<p><!-- wp:paragraph --><\/p>\n<p>Pedirnos que limitemos el tratamiento de sus datos, lo que supone que en determinados casos pueda solicitarnos que suspendamos temporalmente el tratamiento de los datos o que los conservemos m\u00e1s all\u00e1 del tiempo necesario cuando puedas necesitarlo. Si nos ha proporcionado su consentimiento para el tratamiento de sus datos para cualquier finalidad, tambi\u00e9n tiene derecho a retirarlo en cualquier momento.<\/p>\n<p><!-- \/wp:paragraph --><\/p>\n<p><!-- wp:paragraph --><\/p>\n<p>Recibir aquellos datos personales que le incumban y que nos haya facilitado, en un formato estructurado, de uso com\u00fan y lectura mec\u00e1nica, as\u00ed como a transmitirlos a otro responsable del tratamiento.<\/p>\n<p><!-- \/wp:paragraph --><\/p>\n<p><!-- wp:paragraph --><\/p>\n<p>Por otra parte, cuando el tratamiento de sus datos est\u00e9 basado en nuestro inter\u00e9s leg\u00edtimo, tambi\u00e9n tendr\u00e1s derecho a oponerte al tratamiento de sus datos.<\/p>\n<p><!-- \/wp:paragraph --><\/p>\n<p><!-- wp:paragraph --><\/p>\n<p>Por \u00faltimo, le informamos de su derecho a presentar una reclamaci\u00f3n ante la autoridad de control en materia de protecci\u00f3n de datos pertinente, en particular, ante la Agencia Espa\u00f1ola de Protecci\u00f3n de Datos&nbsp;<a href=\"https:\/\/www.agpd.es\/portalwebAGPD\/index-ides-idphp.php\">https:\/\/www.agpd.es\/portalwebAGPD\/index-ides-idphp.php<\/a><\/p>\n<p><!-- \/wp:paragraph --><\/p>\n<p><!-- wp:paragraph --><\/p>\n<p>CAMBIOS A LA POL\u00cdTICA DE PRIVACIDAD.<\/p>\n<p><!-- \/wp:paragraph --><\/p>\n<p><!-- wp:paragraph --><\/p>\n<p>Es posible que modifiquemos la informaci\u00f3n contenida en esta Pol\u00edtica de Privacidad cuando lo estimemos conveniente. En caso de que lo hagamos, se lo notificaremos por distintas v\u00edas a trav\u00e9s de la web, o incluso se lo comunicaremos a su direcci\u00f3n de correo electr\u00f3nico cuando el cambio en cuesti\u00f3n sea significativo para con su privacidad, de manera que pueda revisar los cambios, valorarlos y, en su caso, oponerse o darse de baja en alg\u00fan servicio o funcionalidad.<\/p>\n<p><!-- \/wp:paragraph --><\/p>\n<p><!-- wp:paragraph --><\/p>\n<p>INFORMACI\u00d3N SOBRE COOKIES<\/p>\n<p><!-- \/wp:paragraph --><\/p>\n<p><!-- wp:paragraph --><\/p>\n<p>Utilizamos cookies y dispositivos similares para facilitar su navegaci\u00f3n en la Plataforma, conocer c\u00f3mo interact\u00faa con nosotros y, en determinados casos, poder mostrarle publicidad en funci\u00f3n de sus h\u00e1bitos de navegaci\u00f3n. Por favor, lea nuestra Pol\u00edtica de Cookies para conocer con mayor detalle las cookies y dispositivos similares que usamos, su finalidad y otra informaci\u00f3n de inter\u00e9s.<\/p>\n<p><!-- \/wp:paragraph --><\/p>\n<p><!-- wp:paragraph --><\/p>\n<p>POLITICA DE COOKIES<\/p>\n<p><!-- \/wp:paragraph --><\/p>\n<p><!-- wp:paragraph --><\/p>\n<p>Esta Pol\u00edtica de cookies fue actualizada por \u00faltima vez el XXXXXXXX y se aplica a los ciudadanos y residentes legales permanentes del Espacio Econ\u00f3mico Europeo y Suiza<\/p>\n<p><!-- \/wp:paragraph --><\/p>\n<p><!-- wp:paragraph --><\/p>\n<p>1. Introducci\u00f3n<\/p>\n<p><!-- \/wp:paragraph --><\/p>\n<p><!-- wp:paragraph --><\/p>\n<p>Nuestra web, www.socolo.es (en adelante: \u00abla web\u00bb) puede utilizar cookies y otras tecnolog\u00edas relacionadas (para mayor comodidad, todas las tecnolog\u00edas se denominan \u00abcookies\u00bb). Las cookies tambi\u00e9n son colocadas por terceros a los que hemos contratado. En el siguiente documento te informamos sobre el uso de cookies en nuestra web.<\/p>\n<p><!-- \/wp:paragraph --><\/p>\n<p><!-- wp:paragraph --><\/p>\n<p>2. \u00bfQu\u00e9 son las cookies?<\/p>\n<p><!-- \/wp:paragraph --><\/p>\n<p><!-- wp:paragraph --><\/p>\n<p>Una cookie es un peque\u00f1o archivo que se env\u00eda junto con las p\u00e1ginas de esta web y que su navegador almacena en el disco duro de su ordenador u otro dispositivo. La informaci\u00f3n almacenada puede ser devuelta a nuestros servidores o a los servidores de terceros apropiados durante una visita posterior.<\/p>\n<p><!-- \/wp:paragraph --><\/p>\n<p><!-- wp:paragraph --><\/p>\n<p>3. \u00bfQu\u00e9 son los scripts?<\/p>\n<p><!-- \/wp:paragraph --><\/p>\n<p><!-- wp:paragraph --><\/p>\n<p>Un script es un fragmento de c\u00f3digo de programa que se utiliza para hacer que nuestra web funcione correctamente y de forma interactiva. Este c\u00f3digo se ejecuta en nuestro servidor o en su dispositivo.<\/p>\n<p><!-- \/wp:paragraph --><\/p>\n<p><!-- wp:paragraph --><\/p>\n<p>4. \u00bfQu\u00e9 es un web beacon?<\/p>\n<p><!-- \/wp:paragraph --><\/p>\n<p><!-- wp:paragraph --><\/p>\n<p>Una baliza web (o una etiqueta de p\u00edxel) es una peque\u00f1a e invisible pieza de texto o imagen en una web que se utiliza para monitorear el tr\u00e1fico en una web. Para ello, se almacenan varios datos sobre usted mediante estas balizas web.<\/p>\n<p><!-- \/wp:paragraph --><\/p>\n<p><!-- wp:paragraph --><\/p>\n<p>5. Cookies<\/p>\n<p><!-- \/wp:paragraph --><\/p>\n<p><!-- wp:paragraph --><\/p>\n<p>5.1 Cookies t\u00e9cnicas o funcionales<\/p>\n<p><!-- \/wp:paragraph --><\/p>\n<p><!-- wp:paragraph --><\/p>\n<p>Algunas cookies aseguran que ciertas partes de la web funcionen correctamente y que tus preferencias de usuario sigan record\u00e1ndose. Al colocar cookies funcionales, te facilitamos la visita a nuestra web. De esta manera, no necesitas introducir repetidamente la misma informaci\u00f3n cuando visitas nuestra web y, por ejemplo, los art\u00edculos permanecen en tu cesta de la compra hasta que hayas pagado. Podemos colocar estas cookies sin tu consentimiento.<\/p>\n<p><!-- \/wp:paragraph --><\/p>\n<p><!-- wp:paragraph --><\/p>\n<p>5.2 Cookies de estad\u00edsticas<\/p>\n<p><!-- \/wp:paragraph --><\/p>\n<p><!-- wp:paragraph --><\/p>\n<p>Utilizamos cookies estad\u00edsticas para optimizar la experiencia de la web para nuestros usuarios. Con estas cookies estad\u00edsticas obtenemos informaci\u00f3n sobre el uso de nuestra web. Te pedimos tu permiso para colocar cookies de estad\u00edsticas.<\/p>\n<p><!-- \/wp:paragraph --><\/p>\n<p><!-- wp:paragraph --><\/p>\n<p>5.3 Cookies de Marketing\/Seguimiento<\/p>\n<p><!-- \/wp:paragraph --><\/p>\n<p><!-- wp:paragraph --><\/p>\n<p>Las cookies de marketing\/seguimiento son cookies, o cualquier otra forma de almacenamiento local, usadas para crear perfiles de usuario para mostrar publicidad o para hacer el seguimiento del usuario en esta web o en varias webs con fines de marketing similares.<\/p>\n<p><!-- \/wp:paragraph --><\/p>\n<p><!-- wp:paragraph --><\/p>\n<p>6. Cookies que se podr\u00edan usar<\/p>\n<p><!-- \/wp:paragraph --><\/p>\n<p><!-- wp:paragraph --><\/p>\n<p>Google reCAPTCHA<\/p>\n<p><!-- \/wp:paragraph --><\/p>\n<p><!-- wp:paragraph --><\/p>\n<p>Funcional, Marketing\/Seguimiento<\/p>\n<p><!-- \/wp:paragraph --><\/p>\n<p><!-- wp:paragraph --><\/p>\n<p>Consent to service google-recaptcha<\/p>\n<p><!-- \/wp:paragraph --><\/p>\n<p><!-- wp:paragraph --><\/p>\n<p>Google Analytics<\/p>\n<p><!-- \/wp:paragraph --><\/p>\n<p><!-- wp:paragraph --><\/p>\n<p>Estad\u00edsticas<\/p>\n<p><!-- \/wp:paragraph --><\/p>\n<p><!-- wp:paragraph --><\/p>\n<p>Consent to service google-analytics<\/p>\n<p><!-- \/wp:paragraph --><\/p>\n<p><!-- wp:paragraph --><\/p>\n<p>WPML<\/p>\n<p><!-- \/wp:paragraph --><\/p>\n<p><!-- wp:paragraph --><\/p>\n<p>Funcional<\/p>\n<p><!-- \/wp:paragraph --><\/p>\n<p><!-- wp:paragraph --><\/p>\n<p>Consent to service wpml<\/p>\n<p><!-- \/wp:paragraph --><\/p>\n<p><!-- wp:paragraph --><\/p>\n<p>Varios<\/p>\n<p><!-- \/wp:paragraph --><\/p>\n<p><!-- wp:paragraph --><\/p>\n<p>Prop\u00f3sito pendiente de investigaci\u00f3n<\/p>\n<p><!-- \/wp:paragraph --><\/p>\n<p><!-- wp:paragraph --><\/p>\n<p>Consent to service varios<\/p>\n<p><!-- \/wp:paragraph --><\/p>\n<p><!-- wp:paragraph --><\/p>\n<p>7. Consentimiento<\/p>\n<p><!-- \/wp:paragraph --><\/p>\n<p><!-- wp:paragraph --><\/p>\n<p>Cuando visites nuestra web por primera vez, te mostraremos una ventana emergente con una explicaci\u00f3n sobre las cookies. Tan pronto como hagas clic en \u00abGuardar preferencias\u00bb, aceptas que usemos las categor\u00edas de cookies y plugins que has seleccionado en la ventana emergente, tal y como se describe en esta pol\u00edtica de cookies. Puedes desactivar el uso de cookies a trav\u00e9s de tu navegador, pero, por favor, ten en cuenta que nuestra web puede dejar de funcionar correctamente.<\/p>\n<p><!-- \/wp:paragraph --><\/p>\n<p><!-- wp:paragraph --><\/p>\n<p>7.1 Gestiona tus ajustes de consentimiento<\/p>\n<p><!-- \/wp:paragraph --><\/p>\n<p><!-- wp:paragraph --><\/p>\n<p>Funcional (SIEMPRE ACTIVO)<\/p>\n<p><!-- \/wp:paragraph --><\/p>\n<p><!-- wp:paragraph --><\/p>\n<p>El almacenamiento o acceso t\u00e9cnico es estrictamente necesario para el prop\u00f3sito leg\u00edtimo de permitir el uso de un servicio espec\u00edfico expl\u00edcitamente solicitado por el abonado o usuario, o con el \u00fanico prop\u00f3sito de llevar a cabo la transmisi\u00f3n de una comunicaci\u00f3n a trav\u00e9s de una red de comunicaciones electr\u00f3nicas.<\/p>\n<p><!-- \/wp:paragraph --><\/p>\n<p><!-- wp:paragraph --><\/p>\n<p>Estad\u00edsticas<\/p>\n<p><!-- \/wp:paragraph --><\/p>\n<p><!-- wp:paragraph --><\/p>\n<p>El almacenamiento o acceso t\u00e9cnico que es utilizado exclusivamente con fines estad\u00edsticos.<\/p>\n<p><!-- \/wp:paragraph --><\/p>\n<p><!-- wp:paragraph --><\/p>\n<p>Marketing<\/p>\n<p><!-- \/wp:paragraph --><\/p>\n<p><!-- wp:paragraph --><\/p>\n<p>El almacenamiento o acceso t\u00e9cnico es necesario para crear perfiles de usuario para enviar publicidad, o para rastrear al usuario en una web o en varias web con fines de marketing similares.<\/p>\n<p><!-- \/wp:paragraph --><\/p>\n<p><!-- wp:paragraph --><\/p>\n<p>8. Activaci\u00f3n\/desactivaci\u00f3n y eliminaci\u00f3n de cookies<\/p>\n<p><!-- \/wp:paragraph --><\/p>\n<p><!-- wp:paragraph --><\/p>\n<p>Puedes utilizar tu navegador de Internet para eliminar las cookies de forma autom\u00e1tica o manual. Tambi\u00e9n puedes especificar que ciertas cookies no pueden ser colocadas. Otra opci\u00f3n es cambiar los ajustes de tu navegador de Internet para que recibas un mensaje cada vez que se coloca una cookie. Para obtener m\u00e1s informaci\u00f3n sobre estas opciones, consulta las instrucciones de la secci\u00f3n \u00abAyuda\u00bb de tu navegador.<\/p>\n<p><!-- \/wp:paragraph --><\/p>\n<p><!-- wp:paragraph --><\/p>\n<p>Ten en cuenta que nuestra web puede no funcionar correctamente si todas las cookies est\u00e1n desactivadas. Si borras las cookies de tu navegador, se volver\u00e1n a colocar despu\u00e9s de tu consentimiento cuando vuelvas a visitar nuestras webs.<\/p>\n<p><!-- \/wp:paragraph --><\/p>\n<p><!-- wp:paragraph --><\/p>\n<p>9. Tus derechos con respecto a los datos personales<\/p>\n<p><!-- \/wp:paragraph --><\/p>\n<p><!-- wp:paragraph --><\/p>\n<p>Tienes los siguientes derechos con respecto a tus datos personales:<\/p>\n<p><!-- \/wp:paragraph --><\/p>\n<p><!-- wp:paragraph --><\/p>\n<p>Tiene derecho a saber por qu\u00e9 se necesitan tus datos personales, qu\u00e9 suceder\u00e1 con ellos y durante cu\u00e1nto tiempo se conservar\u00e1n.<\/p>\n<p><!-- \/wp:paragraph --><\/p>\n<p><!-- wp:paragraph --><\/p>\n<p>Derecho de acceso: tienes derecho a acceder a tus datos personales que conocemos.<\/p>\n<p><!-- \/wp:paragraph --><\/p>\n<p><!-- wp:paragraph --><\/p>\n<p>Derecho de rectificaci\u00f3n: tienes derecho a completar, rectificar, borrar o bloquear tus datos personales cuando lo desees.<\/p>\n<p><!-- \/wp:paragraph --><\/p>\n<p><!-- wp:paragraph --><\/p>\n<p>Si nos das tu consentimiento para procesar tus datos, tienes derecho a revocar dicho consentimiento y a que se eliminen tus datos personales.<\/p>\n<p><!-- \/wp:paragraph --><\/p>\n<p><!-- wp:paragraph --><\/p>\n<p>Derecho de cesi\u00f3n de tus datos: tienes derecho a solicitar todos tus datos personales al responsable del tratamiento y a transferirlos \u00edntegramente a otro responsable del tratamiento.<\/p>\n<p><!-- \/wp:paragraph --><\/p>\n<p><!-- wp:paragraph --><\/p>\n<p>Derecho de oposici\u00f3n: puedes oponerte al tratamiento de tus datos. Nosotros cumplimos con esto, a menos que existan motivos justificados para el procesamiento.<\/p>\n<p><!-- \/wp:paragraph --><\/p>\n<p><!-- wp:paragraph --><\/p>\n<p>Para ejercer estos derechos, por favor, contacta con nosotros. Por favor, consulta los detalles de contacto en la parte inferior de esta pol\u00edtica de cookies. Si tienes alguna queja sobre c\u00f3mo gestionamos tus datos, nos gustar\u00eda que nos la hicieras saber, pero tambi\u00e9n tienes derecho a enviar una queja a la autoridad supervisora (la autoridad de protecci\u00f3n de datos).<\/p>\n<p><!-- \/wp:paragraph --><\/p>\n<p><!-- wp:paragraph --><\/p>\n<p>10. Datos de contacto<\/p>\n<p><!-- \/wp:paragraph --><\/p>\n<p><!-- wp:paragraph --><\/p>\n<p>Para preguntas y\/o comentarios sobre nuestra pol\u00edtica de cookies y esta declaraci\u00f3n, por favor, contacta con nosotros usando los siguientes datos de contacto:<\/p>\n<p><!-- \/wp:paragraph --><\/p>\n<p><!-- wp:paragraph --><\/p>\n<p>SOCOLO TRUCKS, S.L.<\/p>\n<p><!-- \/wp:paragraph --><\/p>\n<p><!-- wp:paragraph --><\/p>\n<p>Direcci\u00f3n:&nbsp;<\/p>\n<p><!-- \/wp:paragraph --><\/p>\n<p><!-- wp:paragraph --><\/p>\n<p>Web:www.socolo.es<\/p>\n<p><!-- \/wp:paragraph --><\/p>\n<p><!-- wp:paragraph --><\/p>\n<p>Correo electr\u00f3nico:socolo@socolo.es<\/p>\n<p><!-- \/wp:paragraph --><\/p>\n<p><!-- wp:paragraph {\"backgroundColor\":\"dark-gray\",\"textColor\":\"white\"} --><\/p>\n<p>N\u00famero de tel\u00e9fono:&nbsp;<span style=\"color: var(--the7-base-color); letter-spacing: var(--the7-base-letter-spacing); text-transform: var(--the7-base-text-transform); word-spacing: normal; text-decoration: var(--the7-base-text-decoration);\">935739751<\/span><\/p>\n<p><!-- \/wp:paragraph --><\/p>\t\t\t\t\t\t<\/div>\n\t\t\t\t<\/div>\n\t\t\t\t\t<\/div>\n\t\t<\/div>\n\t\t\t\t\t<\/div>\n\t\t<\/section>\n\t\t\t\t<\/div>\n\t\t","protected":false},"excerpt":{"rendered":"<p>SOCOLO TRUCKS, S.L. informa seguidamente de su pol\u00edtica de privacidad aplicada a los datos personales. El uso de esta p\u00e1gina web&nbsp;no implica que el usuario deba suministrar informaci\u00f3n alguna respecto a su identidad, no pudiendo ser asociada a un usuario concreto por la empresa. En el supuesto que se suministre datos de car\u00e1cter de personal,&hellip;<\/p>\n","protected":false},"author":1,"featured_media":0,"parent":0,"menu_order":0,"comment_status":"closed","ping_status":"closed","template":"","meta":{"footnotes":""},"class_list":["post-87602","page","type-page","status-publish","hentry"],"_links":{"self":[{"href":"https:\/\/socolo.es\/index.php?rest_route=\/wp\/v2\/pages\/87602","targetHints":{"allow":["GET"]}}],"collection":[{"href":"https:\/\/socolo.es\/index.php?rest_route=\/wp\/v2\/pages"}],"about":[{"href":"https:\/\/socolo.es\/index.php?rest_route=\/wp\/v2\/types\/page"}],"author":[{"embeddable":true,"href":"https:\/\/socolo.es\/index.php?rest_route=\/wp\/v2\/users\/1"}],"replies":[{"embeddable":true,"href":"https:\/\/socolo.es\/index.php?rest_route=%2Fwp%2Fv2%2Fcomments&post=87602"}],"version-history":[{"count":7,"href":"https:\/\/socolo.es\/index.php?rest_route=\/wp\/v2\/pages\/87602\/revisions"}],"predecessor-version":[{"id":87748,"href":"https:\/\/socolo.es\/index.php?rest_route=\/wp\/v2\/pages\/87602\/revisions\/87748"}],"wp:attachment":[{"href":"https:\/\/socolo.es\/index.php?rest_route=%2Fwp%2Fv2%2Fmedia&parent=87602"}],"curies":[{"name":"wp","href":"https:\/\/api.w.org\/{rel}","templated":true}]}}